{"id":5733,"date":"2020-05-25T10:09:08","date_gmt":"2020-05-25T14:09:08","guid":{"rendered":"https:\/\/giamazon.org\/intercambio-de-conocimiento\/latin-american-parks-congress-side-event\/"},"modified":"2020-10-15T13:57:36","modified_gmt":"2020-10-15T18:57:36","slug":"congreso-latinoamericano-parques","status":"publish","type":"page","link":"https:\/\/giamazon.org\/es\/intercambio-de-conocimiento\/congreso-latinoamericano-parques\/","title":{"rendered":"Congreso de Latinoamericano de Parques \u2013 Evento Paralelo"},"content":{"rendered":"<div class=\"wpb-content-wrapper\">[vc_row css=\u00bb.vc_custom_1592939773789{padding-top: 50px !important;padding-bottom: 60px !important;}\u00bb][vc_column width=\u00bb2\/3&#8243;][vc_column_text]GIA particip\u00f3 en el III Congreso Latinoamericano y del Caribe de \u00c1reas Protegidas, del 13 al 17 de octubre de 2019 en Lima, Per\u00fa, organizando un evento paralelo titulado: <em>Di\u00e1logo de Experiencias: Infraestructura y Gobernanza en Mosaicos de \u00c1reas Naturales Protegidas y Territorios Ind\u00edgenas en el Amazonas<\/em>.<\/p>\n<p>El evento se abri\u00f3 con una presentaci\u00f3n sobre el concepto, los objetivos y las actividades iniciales de la Comunidad de Pr\u00e1ctica y Aprendizaje de GIA, que destac\u00f3 el alcance y la ubicaci\u00f3n de las preocupaciones de infraestructura relacionadas con las \u00e1reas protegidas en la Amazon\u00eda.<\/p>\n<p>Esto fue seguido por un panel de discusi\u00f3n con miembros seleccionados de la comunidad de pr\u00e1ctica de GIA, quienes presentaron experiencias relacionadas con el di\u00e1logo de m\u00faltiples partes interesadas, el empoderamiento y la movilizaci\u00f3n de las comunidades ind\u00edgenas, y la producci\u00f3n y difusi\u00f3n de conocimiento cient\u00edfico al p\u00fablico y a los tomadores de decisiones. La discusi\u00f3n se centr\u00f3 en la efectividad de las herramientas y estrategias, y los factores habilitantes y las condiciones limitantes para la buena gobernanza de las \u00e1reas protegidas en el contexto de la infraestructura.[\/vc_column_text][\/vc_column][vc_column width=\u00bb1\/3&#8243;][vc_row_inner][vc_column_inner offset=\u00bbvc_hidden-lg vc_hidden-md\u00bb][vc_empty_space][\/vc_column_inner][\/vc_row_inner][vc_single_image image=\u00bb4516&#8243; img_size=\u00bbfull\u00bb alignment=\u00bbcenter\u00bb style=\u00bbvc_box_outline\u00bb image_hovers=\u00bbfalse\u00bb][vc_btn title=\u00bbAcceda aqu\u00ed al reporte del evento\u00bb style=\u00bbcustom\u00bb custom_background=\u00bb#647f35&#8243; custom_text=\u00bb#ffffff\u00bb align=\u00bbcenter\u00bb css=\u00bb.vc_custom_1602788207585{margin-top: 50px !important;}\u00bb link=\u00bburl:https%3A%2F%2Fgiamazon.org%2Fwp-content%2Fuploads%2F2020%2F09%2FUF-Side-Event-Report-for-Website-FINAL.pdf|target:_blank\u00bb][\/vc_column][\/vc_row]\n<\/div>","protected":false},"excerpt":{"rendered":"<p>[vc_row css=\u00bb.vc_custom_1592939773789{padding-top: 50px !important;padding-bottom: 60px !important;}\u00bb][vc_column width=\u00bb2\/3&#8243;][vc_column_text]GIA particip\u00f3 en el III Congreso Latinoamericano y del Caribe de \u00c1reas Protegidas, del 13 al 17 de octubre de 2019 en Lima, Per\u00fa, organizando un evento paralelo titulado: Di\u00e1logo de Experiencias: Infraestructura y Gobernanza en Mosaicos de \u00c1reas Naturales Protegidas y Territorios Ind\u00edgenas en el Amazonas. El evento&hellip;<\/p>\n","protected":false},"author":1,"featured_media":3861,"parent":5482,"menu_order":0,"comment_status":"closed","ping_status":"closed","template":"","meta":{"_acf_changed":false,"footnotes":""},"class_list":["post-5733","page","type-page","status-publish","has-post-thumbnail","hentry","description-off"],"acf":[],"yoast_head":"<!-- This site is optimized with the Yoast SEO plugin v27.2 - https:\/\/yoast.com\/product\/yoast-seo-wordpress\/ -->\n<title>Congreso de Latinoamericano de Parques \u2013 Evento Paralelo - GIAMAZON<\/title>\n<meta name=\"description\" content=\"GIA particip\u00f3 en el III Congreso Latinoamericano y del Caribe de \u00c1reas Protegidas, del 13 al 17 de octubre de 2019 en Lima, Per\u00fa, organizando un evento paralelo titulado: Di\u00e1logo de Experiencias: Infraestructura y Gobernanza en Mosaicos de \u00c1reas Naturales Protegidas y Territorios Ind\u00edgenas en el Amazonas.\" \/>\n<meta name=\"robots\" content=\"index, follow, max-snippet:-1, max-image-preview:large, max-video-preview:-1\" \/>\n<link rel=\"canonical\" href=\"https:\/\/giamazon.org\/knowledge-exchange\/latin-american-parks-congress-side-event\/\" \/>\n<meta property=\"og:locale\" content=\"es_ES\" \/>\n<meta property=\"og:type\" content=\"article\" \/>\n<meta property=\"og:title\" content=\"Congreso de Latinoamericano de Parques \u2013 Evento Paralelo\" \/>\n<meta property=\"og:description\" content=\"GIA particip\u00f3 en el III Congreso Latinoamericano y del Caribe de \u00c1reas Protegidas, del 13 al 17 de octubre de 2019 en Lima, Per\u00fa, organizando un evento paralelo titulado: Di\u00e1logo de Experiencias: Infraestructura y Gobernanza en Mosaicos de \u00c1reas Naturales Protegidas y Territorios Ind\u00edgenas en el Amazonas.\" \/>\n<meta property=\"og:url\" content=\"https:\/\/giamazon.org\/knowledge-exchange\/latin-american-parks-congress-side-event\/\" \/>\n<meta property=\"og:site_name\" content=\"GIAMAZON\" \/>\n<meta property=\"article:publisher\" content=\"https:\/\/www.facebook.com\/uftcd\" \/>\n<meta property=\"article:modified_time\" content=\"2020-10-15T18:57:36+00:00\" \/>\n<meta property=\"og:image\" content=\"https:\/\/giamazon.org\/wp-content\/uploads\/2020\/09\/GIA_OBJECTIVES_02.jpg\" \/>\n\t<meta property=\"og:image:width\" content=\"800\" \/>\n\t<meta property=\"og:image:height\" content=\"453\" \/>\n\t<meta property=\"og:image:type\" content=\"image\/jpeg\" \/>\n<meta name=\"twitter:card\" content=\"summary_large_image\" \/>\n<meta name=\"twitter:title\" content=\"Congreso de Latinoamericano de Parques \u2013 Evento Paralelo\" \/>\n<meta name=\"twitter:description\" content=\"GIA particip\u00f3 en el III Congreso Latinoamericano y del Caribe de \u00c1reas Protegidas, del 13 al 17 de octubre de 2019 en Lima, Per\u00fa, organizando un evento paralelo titulado: Di\u00e1logo de Experiencias: Infraestructura y Gobernanza en Mosaicos de \u00c1reas Naturales Protegidas y Territorios Ind\u00edgenas en el Amazonas.\" \/>\n<meta name=\"twitter:image\" content=\"https:\/\/giamazon.org\/wp-content\/uploads\/2020\/09\/GIA_OBJECTIVES_02.jpg\" \/>\n<meta name=\"twitter:site\" content=\"@TCD_UF\" \/>\n<meta name=\"twitter:label1\" content=\"Tiempo de lectura\" \/>\n\t<meta name=\"twitter:data1\" content=\"1 minuto\" \/>\n<script type=\"application\/ld+json\" class=\"yoast-schema-graph\">{\"@context\":\"https:\/\/schema.org\",\"@graph\":[{\"@type\":\"WebPage\",\"@id\":\"https:\/\/giamazon.org\/knowledge-exchange\/latin-american-parks-congress-side-event\/\",\"url\":\"https:\/\/giamazon.org\/knowledge-exchange\/latin-american-parks-congress-side-event\/\",\"name\":\"Congreso de Latinoamericano de Parques \u2013 Evento Paralelo - GIAMAZON\",\"isPartOf\":{\"@id\":\"https:\/\/giamazon.org\/#website\"},\"primaryImageOfPage\":{\"@id\":\"https:\/\/giamazon.org\/knowledge-exchange\/latin-american-parks-congress-side-event\/#primaryimage\"},\"image\":{\"@id\":\"https:\/\/giamazon.org\/knowledge-exchange\/latin-american-parks-congress-side-event\/#primaryimage\"},\"thumbnailUrl\":\"https:\/\/giamazon.org\/wp-content\/uploads\/2020\/09\/GIA_OBJECTIVES_02.jpg\",\"datePublished\":\"2020-05-25T14:09:08+00:00\",\"dateModified\":\"2020-10-15T18:57:36+00:00\",\"description\":\"GIA particip\u00f3 en el III Congreso Latinoamericano y del Caribe de \u00c1reas Protegidas, del 13 al 17 de octubre de 2019 en Lima, Per\u00fa, organizando un evento paralelo titulado: Di\u00e1logo de Experiencias: Infraestructura y Gobernanza en Mosaicos de \u00c1reas Naturales Protegidas y Territorios Ind\u00edgenas en el Amazonas.\",\"breadcrumb\":{\"@id\":\"https:\/\/giamazon.org\/knowledge-exchange\/latin-american-parks-congress-side-event\/#breadcrumb\"},\"inLanguage\":\"es\",\"potentialAction\":[{\"@type\":\"ReadAction\",\"target\":[\"https:\/\/giamazon.org\/knowledge-exchange\/latin-american-parks-congress-side-event\/\"]}]},{\"@type\":\"ImageObject\",\"inLanguage\":\"es\",\"@id\":\"https:\/\/giamazon.org\/knowledge-exchange\/latin-american-parks-congress-side-event\/#primaryimage\",\"url\":\"https:\/\/giamazon.org\/wp-content\/uploads\/2020\/09\/GIA_OBJECTIVES_02.jpg\",\"contentUrl\":\"https:\/\/giamazon.org\/wp-content\/uploads\/2020\/09\/GIA_OBJECTIVES_02.jpg\",\"width\":800,\"height\":453,\"caption\":\"GIA's objectives\"},{\"@type\":\"BreadcrumbList\",\"@id\":\"https:\/\/giamazon.org\/knowledge-exchange\/latin-american-parks-congress-side-event\/#breadcrumb\",\"itemListElement\":[{\"@type\":\"ListItem\",\"position\":1,\"name\":\"Home\",\"item\":\"https:\/\/giamazon.org\/\"},{\"@type\":\"ListItem\",\"position\":2,\"name\":\"Intercambio de conocimiento\",\"item\":\"https:\/\/giamazon.org\/knowledge-exchange\/\"},{\"@type\":\"ListItem\",\"position\":3,\"name\":\"Congreso de Latinoamericano de Parques \u2013 Evento Paralelo\"}]},{\"@type\":\"WebSite\",\"@id\":\"https:\/\/giamazon.org\/#website\",\"url\":\"https:\/\/giamazon.org\/\",\"name\":\"GIAMAZON\",\"description\":\"Amazon Community of Pratice\",\"publisher\":{\"@id\":\"https:\/\/giamazon.org\/#organization\"},\"potentialAction\":[{\"@type\":\"SearchAction\",\"target\":{\"@type\":\"EntryPoint\",\"urlTemplate\":\"https:\/\/giamazon.org\/?s={search_term_string}\"},\"query-input\":{\"@type\":\"PropertyValueSpecification\",\"valueRequired\":true,\"valueName\":\"search_term_string\"}}],\"inLanguage\":\"es\"},{\"@type\":\"Organization\",\"@id\":\"https:\/\/giamazon.org\/#organization\",\"name\":\"GIAMAZON\",\"url\":\"https:\/\/giamazon.org\/\",\"logo\":{\"@type\":\"ImageObject\",\"inLanguage\":\"es\",\"@id\":\"https:\/\/giamazon.org\/#\/schema\/logo\/image\/\",\"url\":\"https:\/\/giamazon.org\/wp-content\/uploads\/2020\/05\/GIAMAZON_LOGO_B.png\",\"contentUrl\":\"https:\/\/giamazon.org\/wp-content\/uploads\/2020\/05\/GIAMAZON_LOGO_B.png\",\"width\":346,\"height\":136,\"caption\":\"GIAMAZON\"},\"image\":{\"@id\":\"https:\/\/giamazon.org\/#\/schema\/logo\/image\/\"},\"sameAs\":[\"https:\/\/www.facebook.com\/uftcd\",\"https:\/\/x.com\/TCD_UF\",\"https:\/\/www.instagram.com\/tcduf\/\",\"https:\/\/www.youtube.com\/playlist?list=PLm6vzhWlypS99EgUdvzIc0An7HpDASeha\"]}]}<\/script>\n<!-- \/ Yoast SEO plugin. -->","yoast_head_json":{"title":"Congreso de Latinoamericano de Parques \u2013 Evento Paralelo - GIAMAZON","description":"GIA particip\u00f3 en el III Congreso Latinoamericano y del Caribe de \u00c1reas Protegidas, del 13 al 17 de octubre de 2019 en Lima, Per\u00fa, organizando un evento paralelo titulado: Di\u00e1logo de Experiencias: Infraestructura y Gobernanza en Mosaicos de \u00c1reas Naturales Protegidas y Territorios Ind\u00edgenas en el Amazonas.","robots":{"index":"index","follow":"follow","max-snippet":"max-snippet:-1","max-image-preview":"max-image-preview:large","max-video-preview":"max-video-preview:-1"},"canonical":"https:\/\/giamazon.org\/knowledge-exchange\/latin-american-parks-congress-side-event\/","og_locale":"es_ES","og_type":"article","og_title":"Congreso de Latinoamericano de Parques \u2013 Evento Paralelo","og_description":"GIA particip\u00f3 en el III Congreso Latinoamericano y del Caribe de \u00c1reas Protegidas, del 13 al 17 de octubre de 2019 en Lima, Per\u00fa, organizando un evento paralelo titulado: Di\u00e1logo de Experiencias: Infraestructura y Gobernanza en Mosaicos de \u00c1reas Naturales Protegidas y Territorios Ind\u00edgenas en el Amazonas.","og_url":"https:\/\/giamazon.org\/knowledge-exchange\/latin-american-parks-congress-side-event\/","og_site_name":"GIAMAZON","article_publisher":"https:\/\/www.facebook.com\/uftcd","article_modified_time":"2020-10-15T18:57:36+00:00","og_image":[{"width":800,"height":453,"url":"https:\/\/giamazon.org\/wp-content\/uploads\/2020\/09\/GIA_OBJECTIVES_02.jpg","type":"image\/jpeg"}],"twitter_card":"summary_large_image","twitter_title":"Congreso de Latinoamericano de Parques \u2013 Evento Paralelo","twitter_description":"GIA particip\u00f3 en el III Congreso Latinoamericano y del Caribe de \u00c1reas Protegidas, del 13 al 17 de octubre de 2019 en Lima, Per\u00fa, organizando un evento paralelo titulado: Di\u00e1logo de Experiencias: Infraestructura y Gobernanza en Mosaicos de \u00c1reas Naturales Protegidas y Territorios Ind\u00edgenas en el Amazonas.","twitter_image":"https:\/\/giamazon.org\/wp-content\/uploads\/2020\/09\/GIA_OBJECTIVES_02.jpg","twitter_site":"@TCD_UF","twitter_misc":{"Tiempo de lectura":"1 minuto"},"schema":{"@context":"https:\/\/schema.org","@graph":[{"@type":"WebPage","@id":"https:\/\/giamazon.org\/knowledge-exchange\/latin-american-parks-congress-side-event\/","url":"https:\/\/giamazon.org\/knowledge-exchange\/latin-american-parks-congress-side-event\/","name":"Congreso de Latinoamericano de Parques \u2013 Evento Paralelo - GIAMAZON","isPartOf":{"@id":"https:\/\/giamazon.org\/#website"},"primaryImageOfPage":{"@id":"https:\/\/giamazon.org\/knowledge-exchange\/latin-american-parks-congress-side-event\/#primaryimage"},"image":{"@id":"https:\/\/giamazon.org\/knowledge-exchange\/latin-american-parks-congress-side-event\/#primaryimage"},"thumbnailUrl":"https:\/\/giamazon.org\/wp-content\/uploads\/2020\/09\/GIA_OBJECTIVES_02.jpg","datePublished":"2020-05-25T14:09:08+00:00","dateModified":"2020-10-15T18:57:36+00:00","description":"GIA particip\u00f3 en el III Congreso Latinoamericano y del Caribe de \u00c1reas Protegidas, del 13 al 17 de octubre de 2019 en Lima, Per\u00fa, organizando un evento paralelo titulado: Di\u00e1logo de Experiencias: Infraestructura y Gobernanza en Mosaicos de \u00c1reas Naturales Protegidas y Territorios Ind\u00edgenas en el Amazonas.","breadcrumb":{"@id":"https:\/\/giamazon.org\/knowledge-exchange\/latin-american-parks-congress-side-event\/#breadcrumb"},"inLanguage":"es","potentialAction":[{"@type":"ReadAction","target":["https:\/\/giamazon.org\/knowledge-exchange\/latin-american-parks-congress-side-event\/"]}]},{"@type":"ImageObject","inLanguage":"es","@id":"https:\/\/giamazon.org\/knowledge-exchange\/latin-american-parks-congress-side-event\/#primaryimage","url":"https:\/\/giamazon.org\/wp-content\/uploads\/2020\/09\/GIA_OBJECTIVES_02.jpg","contentUrl":"https:\/\/giamazon.org\/wp-content\/uploads\/2020\/09\/GIA_OBJECTIVES_02.jpg","width":800,"height":453,"caption":"GIA's objectives"},{"@type":"BreadcrumbList","@id":"https:\/\/giamazon.org\/knowledge-exchange\/latin-american-parks-congress-side-event\/#breadcrumb","itemListElement":[{"@type":"ListItem","position":1,"name":"Home","item":"https:\/\/giamazon.org\/"},{"@type":"ListItem","position":2,"name":"Intercambio de conocimiento","item":"https:\/\/giamazon.org\/knowledge-exchange\/"},{"@type":"ListItem","position":3,"name":"Congreso de Latinoamericano de Parques \u2013 Evento Paralelo"}]},{"@type":"WebSite","@id":"https:\/\/giamazon.org\/#website","url":"https:\/\/giamazon.org\/","name":"GIAMAZON","description":"Amazon Community of Pratice","publisher":{"@id":"https:\/\/giamazon.org\/#organization"},"potentialAction":[{"@type":"SearchAction","target":{"@type":"EntryPoint","urlTemplate":"https:\/\/giamazon.org\/?s={search_term_string}"},"query-input":{"@type":"PropertyValueSpecification","valueRequired":true,"valueName":"search_term_string"}}],"inLanguage":"es"},{"@type":"Organization","@id":"https:\/\/giamazon.org\/#organization","name":"GIAMAZON","url":"https:\/\/giamazon.org\/","logo":{"@type":"ImageObject","inLanguage":"es","@id":"https:\/\/giamazon.org\/#\/schema\/logo\/image\/","url":"https:\/\/giamazon.org\/wp-content\/uploads\/2020\/05\/GIAMAZON_LOGO_B.png","contentUrl":"https:\/\/giamazon.org\/wp-content\/uploads\/2020\/05\/GIAMAZON_LOGO_B.png","width":346,"height":136,"caption":"GIAMAZON"},"image":{"@id":"https:\/\/giamazon.org\/#\/schema\/logo\/image\/"},"sameAs":["https:\/\/www.facebook.com\/uftcd","https:\/\/x.com\/TCD_UF","https:\/\/www.instagram.com\/tcduf\/","https:\/\/www.youtube.com\/playlist?list=PLm6vzhWlypS99EgUdvzIc0An7HpDASeha"]}]}},"_links":{"self":[{"href":"https:\/\/giamazon.org\/es\/wp-json\/wp\/v2\/pages\/5733","targetHints":{"allow":["GET"]}}],"collection":[{"href":"https:\/\/giamazon.org\/es\/wp-json\/wp\/v2\/pages"}],"about":[{"href":"https:\/\/giamazon.org\/es\/wp-json\/wp\/v2\/types\/page"}],"author":[{"embeddable":true,"href":"https:\/\/giamazon.org\/es\/wp-json\/wp\/v2\/users\/1"}],"replies":[{"embeddable":true,"href":"https:\/\/giamazon.org\/es\/wp-json\/wp\/v2\/comments?post=5733"}],"version-history":[{"count":0,"href":"https:\/\/giamazon.org\/es\/wp-json\/wp\/v2\/pages\/5733\/revisions"}],"up":[{"embeddable":true,"href":"https:\/\/giamazon.org\/es\/wp-json\/wp\/v2\/pages\/5482"}],"wp:featuredmedia":[{"embeddable":true,"href":"https:\/\/giamazon.org\/es\/wp-json\/wp\/v2\/media\/3861"}],"wp:attachment":[{"href":"https:\/\/giamazon.org\/es\/wp-json\/wp\/v2\/media?parent=5733"}],"curies":[{"name":"wp","href":"https:\/\/api.w.org\/{rel}","templated":true}]}}